{"id":992,"date":"2026-07-29T10:48:43","date_gmt":"2026-07-29T13:48:43","guid":{"rendered":"https:\/\/gremiovencedor.com.br\/novo\/?page_id=992"},"modified":"2026-07-30T12:45:51","modified_gmt":"2026-07-30T15:45:51","slug":"integrantes","status":"publish","type":"page","link":"https:\/\/gremiovencedor.com.br\/novo\/integrantes\/","title":{"rendered":""},"content":{"rendered":"\n<section class=\"wp-block-group is-layout-constrained wp-block-group-is-layout-constrained\">\n<div id=\"coordenacao\" class=\"wp-block-group mgv-integrantes-secao is-layout-constrained wp-block-group-is-layout-constrained\">\n<h2 class=\"wp-block-heading has-secondary-color has-text-color has-link-color wp-elements-1\">Coordena\u00e7\u00e3o<\/h2>\n\n\n\n<div class=\"row\">\n                        \n                <div class=\"col-md-12 margin-bottom-coordenacao\">\n                    <h3>Joel J\u00fanior Machado Corr\u00eaa<\/h3>\n                    <h4 class=\"title-classic font-size-18\">Consultor de Neg\u00f3cios<\/h4>\n                    <p class=\"text-align-justify\"><\/p><p><em><span style=\"font-size:14px\"><span style=\"font-family:arial,helvetica,sans-serif\"><strong>Data de nascimento:<\/strong>&nbsp;23\/11\/1989<\/span><\/em><\/p>\n\n<p><em><span style=\"font-size:14px\"><span style=\"font-family:arial,helvetica,sans-serif\"><strong>S\u00f3cio desde:<\/strong>&nbsp;2010<\/span><\/em><\/p>\n\n<p><em><span style=\"font-size:14px\"><span style=\"font-family:arial,helvetica,sans-serif\"><strong>No Gr\u00eamio:<\/strong>&nbsp;Conselheiro&nbsp;desde 2016;&nbsp;Membro da Comiss\u00e3o Especial para Assuntos sobre Inclus\u00e3o e Responsabilidade Social; Membro do F\u00f3rum de Debates.<\/span><\/em><\/p>\n                <\/div>\n                \n                <div class=\"col-md-12 margin-bottom-coordenacao\">\n                    <h3>David Stival<\/h3>\n                    <h4 class=\"title-classic font-size-18\">Professor universit\u00e1rio<\/h4>\n                    <p class=\"text-align-justify\"><\/p><p><em><span style=\"font-family:arial,helvetica,sans-serif\"><span style=\"font-size:14px\"><strong>Data de nascimento:<\/strong>&nbsp;1<\/span><\/em>8\/04\/1956<\/p>\n\n<p><em><span style=\"font-family:arial,helvetica,sans-serif\"><span style=\"font-size:14px\"><strong>S\u00f3cio desde:<\/strong>&nbsp;1983<\/span><\/em><\/p>\n\n<p><em><span style=\"font-family:arial,helvetica,sans-serif\"><span style=\"font-size:14px\"><strong>No Gr\u00eamio:<\/strong>&nbsp;Conselheiro&nbsp;desde 2007; Membro da Comiss\u00e3o Especial de&nbsp;Assuntos sobre Inclus\u00e3o e Resp.Social; Diretor das Categorias de Base 2013-2015.<\/span><\/em><\/p>\n                <\/div>\n                \n                <div class=\"col-md-12 margin-bottom-coordenacao\">\n                    <h3>Maur\u00edcio Pedrassani<\/h3>\n                    <h4 class=\"title-classic font-size-18\">Advogado<\/h4>\n                    <p class=\"text-align-justify\"><\/p><p><span style=\"color:#000000\"><em><span style=\"font-size:14px\"><span style=\"font-family:arial,helvetica,sans-serif\"><strong>Data de nascimento:<\/strong>&nbsp;22\/01\/1969<\/span><\/span><\/em><\/span><\/p>\n\n<p><span style=\"color:#000000\"><em><span style=\"font-size:14px\"><span style=\"font-family:arial,helvetica,sans-serif\"><strong>S\u00f3cio desde:<\/strong>&nbsp;2006<\/span><\/span><\/em><\/span><\/p>\n\n<p><span style=\"color:#000000\"><em><span style=\"font-size:14px\"><span style=\"font-family:arial,helvetica,sans-serif\"><strong>No Gr\u00eamio:<\/strong> Conselheiro de&nbsp;<\/span><\/span><\/em><\/span><span style=\"color:#000000\"><em><span style=\"font-size:14px\"><span style=\"font-family:arial,helvetica,sans-serif\">2013 a 2019<\/span><\/span><\/em><\/span><\/p>\n                <\/div>\n                \n                <div class=\"col-md-12 margin-bottom-coordenacao\">\n                    <h3>Renato Donadio Munhoz<\/h3>\n                    <h4 class=\"title-classic font-size-18\">Advogado<\/h4>\n                    <p class=\"text-align-justify\"><\/p><address>\n<p><em><span style=\"color:#000000\"><span style=\"font-size:14px\"><span style=\"font-family:arial,helvetica,sans-serif\"><strong>Data de nascimento:&nbsp;<\/strong>10\/07\/1956<\/span><\/span><\/span><\/em><\/p>\n\n<p><em><span style=\"color:#000000\"><span style=\"font-size:14px\"><span style=\"font-family:arial,helvetica,sans-serif\"><strong>S\u00f3cio desde:&nbsp;<\/strong>1967<\/span><\/span><\/span><\/em><\/p>\n\n<p><em><span style=\"color:#000000\"><span style=\"font-size:14px\"><span style=\"font-family:arial,helvetica,sans-serif\"><strong>No Gr\u00eamio: <\/strong>Conselheiro efetivo desde 2013; Membro da Comiss\u00e3o de \u00c9tica e Disciplina<\/span><\/span><\/span><\/em><\/p>\n<\/address>\n                <\/div>\n                \n                <div class=\"col-md-12 margin-bottom-coordenacao\">\n                    <h3>Thiago Cecchini Brunetto<\/h3>\n                    <h4 class=\"title-classic font-size-18\">Advogado<\/h4>\n                    <p class=\"text-align-justify\"><\/p><p><span style=\"font-size:14px\"><span style=\"font-family:arial,helvetica,sans-serif\"><span style=\"color:#000000\"><em><strong>Data nascimento: <\/strong>18\/09\/1978<\/em><\/span><\/span><\/span><\/p>\n\n<p><span style=\"font-size:14px\"><span style=\"font-family:arial,helvetica,sans-serif\"><span style=\"color:#000000\"><em><strong>S\u00f3cio desde: <\/strong>1992<\/em><\/span><\/span><\/span><\/p>\n\n<p><span style=\"font-size:14px\"><span style=\"font-family:arial,helvetica,sans-serif\"><span style=\"color:#000000\"><em><strong>No Gr\u00eamio: <\/strong>Conselheiro desde 2013; Secret\u00e1rio do Conselho Deliberativo; Integrante do Dep. Jur\u00eddico 2009-2010; Coordenador do Dep. Jur\u00eddico 2013-2014<\/em><\/span><\/span><\/span><\/p>\n                <\/div><\/div>\n<\/div>\n\n\n\n<div id=\"integrantes\" class=\"wp-block-group mgv-integrantes-secao is-layout-constrained wp-block-group-is-layout-constrained\"><\/div>\n\n\n\n<div id=\"conselheiros\" class=\"wp-block-group mgv-integrantes-secao is-layout-constrained wp-block-group-is-layout-constrained\"><\/div>\n<\/section>\n\n\n\n<p class=\"wp-block-paragraph\"><\/p>\n","protected":false},"excerpt":{"rendered":"<p>Coordena\u00e7\u00e3o Joel J\u00fanior Machado Corr\u00eaa Consultor de Neg\u00f3cios Data de nascimento:&nbsp;23\/11\/1989 S\u00f3cio desde:&nbsp;2010 No Gr\u00eamio:&nbsp;Conselheiro&nbsp;desde 2016;&nbsp;Membro da Comiss\u00e3o Especial para Assuntos sobre Inclus\u00e3o e Responsabilidade Social; Membro do F\u00f3rum de Debates. David Stival Professor universit\u00e1rio Data de nascimento:&nbsp;18\/04\/1956 S\u00f3cio desde:&nbsp;1983 No Gr\u00eamio:&nbsp;Conselheiro&nbsp;desde 2007; Membro da Comiss\u00e3o Especial de&nbsp;Assuntos sobre Inclus\u00e3o e Resp.Social; Diretor das Categorias [&hellip;]<\/p>\n","protected":false},"author":1,"featured_media":0,"parent":0,"menu_order":0,"comment_status":"closed","ping_status":"closed","template":"","meta":{"_monsterinsights_skip_tracking":false,"footnotes":""},"class_list":["post-992","page","type-page","status-publish","hentry"],"_links":{"self":[{"href":"https:\/\/gremiovencedor.com.br\/novo\/wp-json\/wp\/v2\/pages\/992","targetHints":{"allow":["GET"]}}],"collection":[{"href":"https:\/\/gremiovencedor.com.br\/novo\/wp-json\/wp\/v2\/pages"}],"about":[{"href":"https:\/\/gremiovencedor.com.br\/novo\/wp-json\/wp\/v2\/types\/page"}],"author":[{"embeddable":true,"href":"https:\/\/gremiovencedor.com.br\/novo\/wp-json\/wp\/v2\/users\/1"}],"replies":[{"embeddable":true,"href":"https:\/\/gremiovencedor.com.br\/novo\/wp-json\/wp\/v2\/comments?post=992"}],"version-history":[{"count":15,"href":"https:\/\/gremiovencedor.com.br\/novo\/wp-json\/wp\/v2\/pages\/992\/revisions"}],"predecessor-version":[{"id":1033,"href":"https:\/\/gremiovencedor.com.br\/novo\/wp-json\/wp\/v2\/pages\/992\/revisions\/1033"}],"wp:attachment":[{"href":"https:\/\/gremiovencedor.com.br\/novo\/wp-json\/wp\/v2\/media?parent=992"}],"curies":[{"name":"wp","href":"https:\/\/api.w.org\/{rel}","templated":true}]}}